{"id":1769,"date":"2021-01-12T22:19:26","date_gmt":"2021-01-12T22:19:26","guid":{"rendered":"http:\/\/institutomangara.org\/?page_id=1769"},"modified":"2021-02-16T20:54:45","modified_gmt":"2021-02-16T20:54:45","slug":"colonia-de-ferias","status":"publish","type":"page","link":"https:\/\/institutomangara.org\/?page_id=1769","title":{"rendered":"Col\u00f4nia de F\u00e9rias"},"content":{"rendered":"\t\t<div data-elementor-type=\"wp-page\" data-elementor-id=\"1769\" class=\"elementor elementor-1769\" data-elementor-settings=\"[]\">\n\t\t\t\t\t\t<div class=\"elementor-inner\">\n\t\t\t\t\t\t\t<div class=\"elementor-section-wrap\">\n\t\t\t\t\t\t\t<section class=\"has_ma_el_bg_slider elementor-section elementor-top-section elementor-element elementor-element-babb153 elementor-section-boxed elementor-section-height-default elementor-section-height-default\" data-id=\"babb153\" data-element_type=\"section\">\n\t\t\t\t\t\t<div class=\"elementor-container elementor-column-gap-default\">\n\t\t\t\t\t\t\t<div class=\"elementor-row\">\n\t\t\t\t\t<div class=\"has_ma_el_bg_slider elementor-column elementor-col-100 elementor-top-column elementor-element elementor-element-1433b35\" data-id=\"1433b35\" data-element_type=\"column\">\n\t\t\t<div class=\"elementor-column-wrap elementor-element-populated\">\n\t\t\t\t\t\t\t<div class=\"elementor-widget-wrap\">\n\t\t\t\t\t\t<div class=\"elementor-element elementor-element-ab47927 elementor-widget elementor-widget-heading\" data-id=\"ab47927\" data-element_type=\"widget\" data-widget_type=\"heading.default\">\n\t\t\t\t<div class=\"elementor-widget-container\">\n\t\t\t<h2 class=\"elementor-heading-title elementor-size-default\">Projeto Col\u00f4nia de F\u00e9rias<\/h2>\t\t<\/div>\n\t\t\t\t<\/div>\n\t\t\t\t\t\t<\/div>\n\t\t\t\t\t<\/div>\n\t\t<\/div>\n\t\t\t\t\t\t\t\t<\/div>\n\t\t\t\t\t<\/div>\n\t\t<\/section>\n\t\t\t\t<section class=\"has_ma_el_bg_slider elementor-section elementor-top-section elementor-element elementor-element-ed54edc elementor-section-boxed elementor-section-height-default elementor-section-height-default\" data-id=\"ed54edc\" data-element_type=\"section\">\n\t\t\t\t\t\t<div class=\"elementor-container elementor-column-gap-default\">\n\t\t\t\t\t\t\t<div class=\"elementor-row\">\n\t\t\t\t\t<div class=\"has_ma_el_bg_slider elementor-column elementor-col-100 elementor-top-column elementor-element elementor-element-b069013\" data-id=\"b069013\" data-element_type=\"column\">\n\t\t\t<div class=\"elementor-column-wrap elementor-element-populated\">\n\t\t\t\t\t\t\t<div class=\"elementor-widget-wrap\">\n\t\t\t\t\t\t<div class=\"elementor-element elementor-element-7b631a1 elementor-widget elementor-widget-text-editor\" data-id=\"7b631a1\" data-element_type=\"widget\" data-widget_type=\"text-editor.default\">\n\t\t\t\t<div class=\"elementor-widget-container\">\n\t\t\t\t\t<div class=\"elementor-text-editor elementor-clearfix\"><p>Acolhido pelo Programa\u00a0 Casa Verde desde 2014 em parcerias com a AVCS- Associa\u00e7\u00e3o dos Moradores do Serrote do Meio, Escola Josefa Forte, Creche Vanner Mesquita, s\u00f3cios do Mangar\u00e1\u00a0 e amigos da Casa Verde, a Col\u00f4nia de F\u00e9rias se instala no m\u00eas das f\u00e9rias de julho com dezenas de atividades recreativas, jogos e brincadeiras , educa\u00e7\u00e3o ambiental, oficinas de arte e cultura,\u00a0 envolve centenas de jovens, crian\u00e7as e adolescentes implicando seus pais e parentes pr\u00f3ximos, portanto envolvendo toda a comunidade do Serrote do Meio. Da\u00ed o lema da col\u00f4nia de f\u00e9rias ser<b> Brincar, Aprender e Conviver na Comunidade<\/b><\/p>\n<p>\u00a0<\/p><\/div>\n\t\t\t\t<\/div>\n\t\t\t\t<\/div>\n\t\t\t\t\t\t<\/div>\n\t\t\t\t\t<\/div>\n\t\t<\/div>\n\t\t\t\t\t\t\t\t<\/div>\n\t\t\t\t\t<\/div>\n\t\t<\/section>\n\t\t\t\t<section class=\"has_ma_el_bg_slider elementor-section elementor-top-section elementor-element elementor-element-d881d58 elementor-section-boxed elementor-section-height-default elementor-section-height-default\" data-id=\"d881d58\" data-element_type=\"section\">\n\t\t\t\t\t\t<div class=\"elementor-container elementor-column-gap-default\">\n\t\t\t\t\t\t\t<div class=\"elementor-row\">\n\t\t\t\t\t<div class=\"has_ma_el_bg_slider elementor-column elementor-col-100 elementor-top-column elementor-element elementor-element-b12c48c\" data-id=\"b12c48c\" data-element_type=\"column\">\n\t\t\t<div class=\"elementor-column-wrap elementor-element-populated\">\n\t\t\t\t\t\t\t<div class=\"elementor-widget-wrap\">\n\t\t\t\t\t\t<div class=\"elementor-element elementor-element-0cc7c17 elementor-widget elementor-widget-image-gallery\" data-id=\"0cc7c17\" data-element_type=\"widget\" data-widget_type=\"image-gallery.default\">\n\t\t\t\t<div class=\"elementor-widget-container\">\n\t\t\t\t\t<div class=\"elementor-image-gallery\">\n\t\t\t<div id='gallery-1' class='gallery galleryid-1769 gallery-columns-4 gallery-size-medium_large'><figure class='gallery-item'>\n\t\t\t<div class='gallery-icon landscape'>\n\t\t\t\t<a data-elementor-open-lightbox=\"yes\" data-elementor-lightbox-slideshow=\"0cc7c17\" data-elementor-lightbox-title=\"colonia de ferias 1 - 2016\" href='https:\/\/institutomangara.org\/wp-content\/uploads\/2021\/02\/colonia-de-ferias-1-2016.jpg'><img loading=\"lazy\" decoding=\"async\" width=\"768\" height=\"432\" src=\"https:\/\/institutomangara.org\/wp-content\/uploads\/2021\/02\/colonia-de-ferias-1-2016-768x432.jpg\" class=\"attachment-medium_large size-medium_large\" alt=\"\" srcset=\"https:\/\/institutomangara.org\/wp-content\/uploads\/2021\/02\/colonia-de-ferias-1-2016-768x432.jpg 768w, https:\/\/institutomangara.org\/wp-content\/uploads\/2021\/02\/colonia-de-ferias-1-2016-300x169.jpg 300w, https:\/\/institutomangara.org\/wp-content\/uploads\/2021\/02\/colonia-de-ferias-1-2016-1024x576.jpg 1024w, https:\/\/institutomangara.org\/wp-content\/uploads\/2021\/02\/colonia-de-ferias-1-2016-1536x864.jpg 1536w, https:\/\/institutomangara.org\/wp-content\/uploads\/2021\/02\/colonia-de-ferias-1-2016.jpg 1655w\" sizes=\"auto, (max-width: 768px) 100vw, 768px\" \/><\/a>\n\t\t\t<\/div><\/figure><figure class='gallery-item'>\n\t\t\t<div class='gallery-icon landscape'>\n\t\t\t\t<a data-elementor-open-lightbox=\"yes\" data-elementor-lightbox-slideshow=\"0cc7c17\" data-elementor-lightbox-title=\"colonia de ferias 1 - 2019\" href='https:\/\/institutomangara.org\/wp-content\/uploads\/2021\/02\/colonia-de-ferias-1-2019.jpg'><img loading=\"lazy\" decoding=\"async\" width=\"768\" height=\"433\" src=\"https:\/\/institutomangara.org\/wp-content\/uploads\/2021\/02\/colonia-de-ferias-1-2019-768x433.jpg\" class=\"attachment-medium_large size-medium_large\" alt=\"\" srcset=\"https:\/\/institutomangara.org\/wp-content\/uploads\/2021\/02\/colonia-de-ferias-1-2019-768x433.jpg 768w, https:\/\/institutomangara.org\/wp-content\/uploads\/2021\/02\/colonia-de-ferias-1-2019-300x169.jpg 300w, https:\/\/institutomangara.org\/wp-content\/uploads\/2021\/02\/colonia-de-ferias-1-2019-1024x577.jpg 1024w, https:\/\/institutomangara.org\/wp-content\/uploads\/2021\/02\/colonia-de-ferias-1-2019.jpg 1280w\" sizes=\"auto, (max-width: 768px) 100vw, 768px\" \/><\/a>\n\t\t\t<\/div><\/figure><figure class='gallery-item'>\n\t\t\t<div class='gallery-icon landscape'>\n\t\t\t\t<a data-elementor-open-lightbox=\"yes\" data-elementor-lightbox-slideshow=\"0cc7c17\" data-elementor-lightbox-title=\"colonia de ferias 2 - 2016\" href='https:\/\/institutomangara.org\/wp-content\/uploads\/2021\/02\/colonia-de-ferias-2-2016.jpg'><img loading=\"lazy\" decoding=\"async\" width=\"768\" height=\"433\" src=\"https:\/\/institutomangara.org\/wp-content\/uploads\/2021\/02\/colonia-de-ferias-2-2016-768x433.jpg\" class=\"attachment-medium_large size-medium_large\" alt=\"\" srcset=\"https:\/\/institutomangara.org\/wp-content\/uploads\/2021\/02\/colonia-de-ferias-2-2016-768x433.jpg 768w, https:\/\/institutomangara.org\/wp-content\/uploads\/2021\/02\/colonia-de-ferias-2-2016-300x169.jpg 300w, https:\/\/institutomangara.org\/wp-content\/uploads\/2021\/02\/colonia-de-ferias-2-2016-1024x577.jpg 1024w, https:\/\/institutomangara.org\/wp-content\/uploads\/2021\/02\/colonia-de-ferias-2-2016-1536x866.jpg 1536w, https:\/\/institutomangara.org\/wp-content\/uploads\/2021\/02\/colonia-de-ferias-2-2016.jpg 1673w\" sizes=\"auto, (max-width: 768px) 100vw, 768px\" \/><\/a>\n\t\t\t<\/div><\/figure><figure class='gallery-item'>\n\t\t\t<div class='gallery-icon landscape'>\n\t\t\t\t<a data-elementor-open-lightbox=\"yes\" data-elementor-lightbox-slideshow=\"0cc7c17\" data-elementor-lightbox-title=\"colonia de ferias 2 - 2019\" href='https:\/\/institutomangara.org\/wp-content\/uploads\/2021\/02\/colonia-de-ferias-2-2019.jpg'><img loading=\"lazy\" decoding=\"async\" width=\"768\" height=\"432\" src=\"https:\/\/institutomangara.org\/wp-content\/uploads\/2021\/02\/colonia-de-ferias-2-2019-768x432.jpg\" class=\"attachment-medium_large size-medium_large\" alt=\"\" srcset=\"https:\/\/institutomangara.org\/wp-content\/uploads\/2021\/02\/colonia-de-ferias-2-2019-768x432.jpg 768w, https:\/\/institutomangara.org\/wp-content\/uploads\/2021\/02\/colonia-de-ferias-2-2019-300x169.jpg 300w, https:\/\/institutomangara.org\/wp-content\/uploads\/2021\/02\/colonia-de-ferias-2-2019-1024x576.jpg 1024w, https:\/\/institutomangara.org\/wp-content\/uploads\/2021\/02\/colonia-de-ferias-2-2019.jpg 1180w\" sizes=\"auto, (max-width: 768px) 100vw, 768px\" \/><\/a>\n\t\t\t<\/div><\/figure><figure class='gallery-item'>\n\t\t\t<div class='gallery-icon landscape'>\n\t\t\t\t<a data-elementor-open-lightbox=\"yes\" data-elementor-lightbox-slideshow=\"0cc7c17\" data-elementor-lightbox-title=\"colonia de ferias 3 - 2016\" href='https:\/\/institutomangara.org\/wp-content\/uploads\/2021\/02\/colonia-de-ferias-3-2016.jpg'><img loading=\"lazy\" decoding=\"async\" width=\"768\" height=\"468\" src=\"https:\/\/institutomangara.org\/wp-content\/uploads\/2021\/02\/colonia-de-ferias-3-2016-768x468.jpg\" class=\"attachment-medium_large size-medium_large\" alt=\"\" srcset=\"https:\/\/institutomangara.org\/wp-content\/uploads\/2021\/02\/colonia-de-ferias-3-2016-768x468.jpg 768w, https:\/\/institutomangara.org\/wp-content\/uploads\/2021\/02\/colonia-de-ferias-3-2016-300x183.jpg 300w, https:\/\/institutomangara.org\/wp-content\/uploads\/2021\/02\/colonia-de-ferias-3-2016-1024x624.jpg 1024w, https:\/\/institutomangara.org\/wp-content\/uploads\/2021\/02\/colonia-de-ferias-3-2016-1536x936.jpg 1536w, https:\/\/institutomangara.org\/wp-content\/uploads\/2021\/02\/colonia-de-ferias-3-2016.jpg 1547w\" sizes=\"auto, (max-width: 768px) 100vw, 768px\" \/><\/a>\n\t\t\t<\/div><\/figure><figure class='gallery-item'>\n\t\t\t<div class='gallery-icon landscape'>\n\t\t\t\t<a data-elementor-open-lightbox=\"yes\" data-elementor-lightbox-slideshow=\"0cc7c17\" data-elementor-lightbox-title=\"colonia de ferias 3 - 2019\" href='https:\/\/institutomangara.org\/wp-content\/uploads\/2021\/02\/colonia-de-ferias-3-2019.jpg'><img loading=\"lazy\" decoding=\"async\" width=\"570\" height=\"320\" src=\"https:\/\/institutomangara.org\/wp-content\/uploads\/2021\/02\/colonia-de-ferias-3-2019.jpg\" class=\"attachment-medium_large size-medium_large\" alt=\"\" srcset=\"https:\/\/institutomangara.org\/wp-content\/uploads\/2021\/02\/colonia-de-ferias-3-2019.jpg 570w, https:\/\/institutomangara.org\/wp-content\/uploads\/2021\/02\/colonia-de-ferias-3-2019-300x168.jpg 300w\" sizes=\"auto, (max-width: 570px) 100vw, 570px\" \/><\/a>\n\t\t\t<\/div><\/figure><figure class='gallery-item'>\n\t\t\t<div class='gallery-icon landscape'>\n\t\t\t\t<a data-elementor-open-lightbox=\"yes\" data-elementor-lightbox-slideshow=\"0cc7c17\" data-elementor-lightbox-title=\"colonia de ferias 3 - 2020\" href='https:\/\/institutomangara.org\/wp-content\/uploads\/2021\/02\/colonia-de-ferias-3-2020.jpg'><img loading=\"lazy\" decoding=\"async\" width=\"768\" height=\"432\" src=\"https:\/\/institutomangara.org\/wp-content\/uploads\/2021\/02\/colonia-de-ferias-3-2020-768x432.jpg\" class=\"attachment-medium_large size-medium_large\" alt=\"\" srcset=\"https:\/\/institutomangara.org\/wp-content\/uploads\/2021\/02\/colonia-de-ferias-3-2020-768x432.jpg 768w, https:\/\/institutomangara.org\/wp-content\/uploads\/2021\/02\/colonia-de-ferias-3-2020-300x169.jpg 300w, https:\/\/institutomangara.org\/wp-content\/uploads\/2021\/02\/colonia-de-ferias-3-2020-1024x576.jpg 1024w, https:\/\/institutomangara.org\/wp-content\/uploads\/2021\/02\/colonia-de-ferias-3-2020.jpg 1123w\" sizes=\"auto, (max-width: 768px) 100vw, 768px\" \/><\/a>\n\t\t\t<\/div><\/figure><figure class='gallery-item'>\n\t\t\t<div class='gallery-icon landscape'>\n\t\t\t\t<a data-elementor-open-lightbox=\"yes\" data-elementor-lightbox-slideshow=\"0cc7c17\" data-elementor-lightbox-title=\"colonia de ferias 4 - 2016\" href='https:\/\/institutomangara.org\/wp-content\/uploads\/2021\/02\/colonia-de-ferias-4-2016.jpg'><img loading=\"lazy\" decoding=\"async\" width=\"768\" height=\"468\" src=\"https:\/\/institutomangara.org\/wp-content\/uploads\/2021\/02\/colonia-de-ferias-4-2016-768x468.jpg\" class=\"attachment-medium_large size-medium_large\" alt=\"\" srcset=\"https:\/\/institutomangara.org\/wp-content\/uploads\/2021\/02\/colonia-de-ferias-4-2016-768x468.jpg 768w, https:\/\/institutomangara.org\/wp-content\/uploads\/2021\/02\/colonia-de-ferias-4-2016-300x183.jpg 300w, https:\/\/institutomangara.org\/wp-content\/uploads\/2021\/02\/colonia-de-ferias-4-2016-1024x624.jpg 1024w, https:\/\/institutomangara.org\/wp-content\/uploads\/2021\/02\/colonia-de-ferias-4-2016.jpg 1343w\" sizes=\"auto, (max-width: 768px) 100vw, 768px\" \/><\/a>\n\t\t\t<\/div><\/figure><figure class='gallery-item'>\n\t\t\t<div class='gallery-icon landscape'>\n\t\t\t\t<a data-elementor-open-lightbox=\"yes\" data-elementor-lightbox-slideshow=\"0cc7c17\" data-elementor-lightbox-title=\"colonia de ferias 4 - 2020\" href='https:\/\/institutomangara.org\/wp-content\/uploads\/2021\/02\/colonia-de-ferias-4-2020.jpg'><img loading=\"lazy\" decoding=\"async\" width=\"768\" height=\"432\" src=\"https:\/\/institutomangara.org\/wp-content\/uploads\/2021\/02\/colonia-de-ferias-4-2020-768x432.jpg\" class=\"attachment-medium_large size-medium_large\" alt=\"\" srcset=\"https:\/\/institutomangara.org\/wp-content\/uploads\/2021\/02\/colonia-de-ferias-4-2020-768x432.jpg 768w, https:\/\/institutomangara.org\/wp-content\/uploads\/2021\/02\/colonia-de-ferias-4-2020-300x169.jpg 300w, https:\/\/institutomangara.org\/wp-content\/uploads\/2021\/02\/colonia-de-ferias-4-2020-1024x576.jpg 1024w, https:\/\/institutomangara.org\/wp-content\/uploads\/2021\/02\/colonia-de-ferias-4-2020.jpg 1032w\" sizes=\"auto, (max-width: 768px) 100vw, 768px\" \/><\/a>\n\t\t\t<\/div><\/figure><figure class='gallery-item'>\n\t\t\t<div class='gallery-icon landscape'>\n\t\t\t\t<a data-elementor-open-lightbox=\"yes\" data-elementor-lightbox-slideshow=\"0cc7c17\" data-elementor-lightbox-title=\"colonia de ferias 5 - 2016\" href='https:\/\/institutomangara.org\/wp-content\/uploads\/2021\/02\/colonia-de-ferias-5-2016.jpg'><img loading=\"lazy\" decoding=\"async\" width=\"768\" height=\"468\" src=\"https:\/\/institutomangara.org\/wp-content\/uploads\/2021\/02\/colonia-de-ferias-5-2016-768x468.jpg\" class=\"attachment-medium_large size-medium_large\" alt=\"\" srcset=\"https:\/\/institutomangara.org\/wp-content\/uploads\/2021\/02\/colonia-de-ferias-5-2016-768x468.jpg 768w, https:\/\/institutomangara.org\/wp-content\/uploads\/2021\/02\/colonia-de-ferias-5-2016-300x183.jpg 300w, https:\/\/institutomangara.org\/wp-content\/uploads\/2021\/02\/colonia-de-ferias-5-2016-1024x624.jpg 1024w, https:\/\/institutomangara.org\/wp-content\/uploads\/2021\/02\/colonia-de-ferias-5-2016.jpg 1290w\" sizes=\"auto, (max-width: 768px) 100vw, 768px\" \/><\/a>\n\t\t\t<\/div><\/figure><figure class='gallery-item'>\n\t\t\t<div class='gallery-icon landscape'>\n\t\t\t\t<a data-elementor-open-lightbox=\"yes\" data-elementor-lightbox-slideshow=\"0cc7c17\" data-elementor-lightbox-title=\"colonia de ferias 5 - 2019\" href='https:\/\/institutomangara.org\/wp-content\/uploads\/2021\/02\/colonia-de-ferias-5-2019.jpg'><img loading=\"lazy\" decoding=\"async\" width=\"768\" height=\"432\" src=\"https:\/\/institutomangara.org\/wp-content\/uploads\/2021\/02\/colonia-de-ferias-5-2019-768x432.jpg\" class=\"attachment-medium_large size-medium_large\" alt=\"\" srcset=\"https:\/\/institutomangara.org\/wp-content\/uploads\/2021\/02\/colonia-de-ferias-5-2019-768x432.jpg 768w, https:\/\/institutomangara.org\/wp-content\/uploads\/2021\/02\/colonia-de-ferias-5-2019-300x169.jpg 300w, https:\/\/institutomangara.org\/wp-content\/uploads\/2021\/02\/colonia-de-ferias-5-2019-1024x575.jpg 1024w, https:\/\/institutomangara.org\/wp-content\/uploads\/2021\/02\/colonia-de-ferias-5-2019.jpg 1381w\" sizes=\"auto, (max-width: 768px) 100vw, 768px\" \/><\/a>\n\t\t\t<\/div><\/figure><figure class='gallery-item'>\n\t\t\t<div class='gallery-icon landscape'>\n\t\t\t\t<a data-elementor-open-lightbox=\"yes\" data-elementor-lightbox-slideshow=\"0cc7c17\" data-elementor-lightbox-title=\"colonia de ferias 5 - 2020\" href='https:\/\/institutomangara.org\/wp-content\/uploads\/2021\/02\/colonia-de-ferias-5-2020.jpg'><img loading=\"lazy\" decoding=\"async\" width=\"768\" height=\"433\" src=\"https:\/\/institutomangara.org\/wp-content\/uploads\/2021\/02\/colonia-de-ferias-5-2020-768x433.jpg\" class=\"attachment-medium_large size-medium_large\" alt=\"\" srcset=\"https:\/\/institutomangara.org\/wp-content\/uploads\/2021\/02\/colonia-de-ferias-5-2020-768x433.jpg 768w, https:\/\/institutomangara.org\/wp-content\/uploads\/2021\/02\/colonia-de-ferias-5-2020-300x169.jpg 300w, https:\/\/institutomangara.org\/wp-content\/uploads\/2021\/02\/colonia-de-ferias-5-2020.jpg 838w\" sizes=\"auto, (max-width: 768px) 100vw, 768px\" \/><\/a>\n\t\t\t<\/div><\/figure><figure class='gallery-item'>\n\t\t\t<div class='gallery-icon landscape'>\n\t\t\t\t<a data-elementor-open-lightbox=\"yes\" data-elementor-lightbox-slideshow=\"0cc7c17\" data-elementor-lightbox-title=\"colonia de ferias 6 - 2016\" href='https:\/\/institutomangara.org\/wp-content\/uploads\/2021\/02\/colonia-de-ferias-6-2016.jpg'><img loading=\"lazy\" decoding=\"async\" width=\"768\" height=\"432\" src=\"https:\/\/institutomangara.org\/wp-content\/uploads\/2021\/02\/colonia-de-ferias-6-2016-768x432.jpg\" class=\"attachment-medium_large size-medium_large\" alt=\"\" srcset=\"https:\/\/institutomangara.org\/wp-content\/uploads\/2021\/02\/colonia-de-ferias-6-2016-768x432.jpg 768w, https:\/\/institutomangara.org\/wp-content\/uploads\/2021\/02\/colonia-de-ferias-6-2016-300x169.jpg 300w, https:\/\/institutomangara.org\/wp-content\/uploads\/2021\/02\/colonia-de-ferias-6-2016-1024x576.jpg 1024w, https:\/\/institutomangara.org\/wp-content\/uploads\/2021\/02\/colonia-de-ferias-6-2016.jpg 1137w\" sizes=\"auto, (max-width: 768px) 100vw, 768px\" \/><\/a>\n\t\t\t<\/div><\/figure><figure class='gallery-item'>\n\t\t\t<div class='gallery-icon landscape'>\n\t\t\t\t<a data-elementor-open-lightbox=\"yes\" data-elementor-lightbox-slideshow=\"0cc7c17\" data-elementor-lightbox-title=\"colonia de ferias 6 - 2019\" href='https:\/\/institutomangara.org\/wp-content\/uploads\/2021\/02\/colonia-de-ferias-6-2019.jpg'><img loading=\"lazy\" decoding=\"async\" width=\"768\" height=\"432\" src=\"https:\/\/institutomangara.org\/wp-content\/uploads\/2021\/02\/colonia-de-ferias-6-2019-768x432.jpg\" class=\"attachment-medium_large size-medium_large\" alt=\"\" srcset=\"https:\/\/institutomangara.org\/wp-content\/uploads\/2021\/02\/colonia-de-ferias-6-2019-768x432.jpg 768w, https:\/\/institutomangara.org\/wp-content\/uploads\/2021\/02\/colonia-de-ferias-6-2019-300x169.jpg 300w, https:\/\/institutomangara.org\/wp-content\/uploads\/2021\/02\/colonia-de-ferias-6-2019.jpg 961w\" sizes=\"auto, (max-width: 768px) 100vw, 768px\" \/><\/a>\n\t\t\t<\/div><\/figure><figure class='gallery-item'>\n\t\t\t<div class='gallery-icon landscape'>\n\t\t\t\t<a data-elementor-open-lightbox=\"yes\" data-elementor-lightbox-slideshow=\"0cc7c17\" data-elementor-lightbox-title=\"colonia de ferias 7 - 2016\" href='https:\/\/institutomangara.org\/wp-content\/uploads\/2021\/02\/colonia-de-ferias-7-2016.jpg'><img loading=\"lazy\" decoding=\"async\" width=\"768\" height=\"433\" src=\"https:\/\/institutomangara.org\/wp-content\/uploads\/2021\/02\/colonia-de-ferias-7-2016-768x433.jpg\" class=\"attachment-medium_large size-medium_large\" alt=\"\" srcset=\"https:\/\/institutomangara.org\/wp-content\/uploads\/2021\/02\/colonia-de-ferias-7-2016-768x433.jpg 768w, https:\/\/institutomangara.org\/wp-content\/uploads\/2021\/02\/colonia-de-ferias-7-2016-300x169.jpg 300w, https:\/\/institutomangara.org\/wp-content\/uploads\/2021\/02\/colonia-de-ferias-7-2016-1024x577.jpg 1024w, https:\/\/institutomangara.org\/wp-content\/uploads\/2021\/02\/colonia-de-ferias-7-2016.jpg 1257w\" sizes=\"auto, (max-width: 768px) 100vw, 768px\" \/><\/a>\n\t\t\t<\/div><\/figure><figure class='gallery-item'>\n\t\t\t<div class='gallery-icon landscape'>\n\t\t\t\t<a data-elementor-open-lightbox=\"yes\" data-elementor-lightbox-slideshow=\"0cc7c17\" data-elementor-lightbox-title=\"colonia de ferias 8 - 2016\" href='https:\/\/institutomangara.org\/wp-content\/uploads\/2021\/02\/colonia-de-ferias-8-2016.jpg'><img loading=\"lazy\" decoding=\"async\" width=\"768\" height=\"432\" src=\"https:\/\/institutomangara.org\/wp-content\/uploads\/2021\/02\/colonia-de-ferias-8-2016-768x432.jpg\" class=\"attachment-medium_large size-medium_large\" alt=\"\" srcset=\"https:\/\/institutomangara.org\/wp-content\/uploads\/2021\/02\/colonia-de-ferias-8-2016-768x432.jpg 768w, https:\/\/institutomangara.org\/wp-content\/uploads\/2021\/02\/colonia-de-ferias-8-2016-300x169.jpg 300w, https:\/\/institutomangara.org\/wp-content\/uploads\/2021\/02\/colonia-de-ferias-8-2016.jpg 935w\" sizes=\"auto, (max-width: 768px) 100vw, 768px\" \/><\/a>\n\t\t\t<\/div><\/figure><figure class='gallery-item'>\n\t\t\t<div class='gallery-icon landscape'>\n\t\t\t\t<a data-elementor-open-lightbox=\"yes\" data-elementor-lightbox-slideshow=\"0cc7c17\" data-elementor-lightbox-title=\"colonia de ferias 9- 2016\" href='https:\/\/institutomangara.org\/wp-content\/uploads\/2021\/02\/colonia-de-ferias-9-2016.jpg'><img loading=\"lazy\" decoding=\"async\" width=\"768\" height=\"433\" src=\"https:\/\/institutomangara.org\/wp-content\/uploads\/2021\/02\/colonia-de-ferias-9-2016-768x433.jpg\" class=\"attachment-medium_large size-medium_large\" alt=\"\" srcset=\"https:\/\/institutomangara.org\/wp-content\/uploads\/2021\/02\/colonia-de-ferias-9-2016-768x433.jpg 768w, https:\/\/institutomangara.org\/wp-content\/uploads\/2021\/02\/colonia-de-ferias-9-2016-300x169.jpg 300w, https:\/\/institutomangara.org\/wp-content\/uploads\/2021\/02\/colonia-de-ferias-9-2016-1024x577.jpg 1024w, https:\/\/institutomangara.org\/wp-content\/uploads\/2021\/02\/colonia-de-ferias-9-2016.jpg 1257w\" sizes=\"auto, (max-width: 768px) 100vw, 768px\" \/><\/a>\n\t\t\t<\/div><\/figure><figure class='gallery-item'>\n\t\t\t<div class='gallery-icon landscape'>\n\t\t\t\t<a data-elementor-open-lightbox=\"yes\" data-elementor-lightbox-slideshow=\"0cc7c17\" data-elementor-lightbox-title=\"colonia de ferias 10 - 2016\" href='https:\/\/institutomangara.org\/wp-content\/uploads\/2021\/02\/colonia-de-ferias-10-2016.jpg'><img loading=\"lazy\" decoding=\"async\" width=\"768\" height=\"432\" src=\"https:\/\/institutomangara.org\/wp-content\/uploads\/2021\/02\/colonia-de-ferias-10-2016-768x432.jpg\" class=\"attachment-medium_large size-medium_large\" alt=\"\" srcset=\"https:\/\/institutomangara.org\/wp-content\/uploads\/2021\/02\/colonia-de-ferias-10-2016-768x432.jpg 768w, https:\/\/institutomangara.org\/wp-content\/uploads\/2021\/02\/colonia-de-ferias-10-2016-300x169.jpg 300w, https:\/\/institutomangara.org\/wp-content\/uploads\/2021\/02\/colonia-de-ferias-10-2016-1024x576.jpg 1024w, https:\/\/institutomangara.org\/wp-content\/uploads\/2021\/02\/colonia-de-ferias-10-2016.jpg 1050w\" sizes=\"auto, (max-width: 768px) 100vw, 768px\" \/><\/a>\n\t\t\t<\/div><\/figure><figure class='gallery-item'>\n\t\t\t<div class='gallery-icon landscape'>\n\t\t\t\t<a data-elementor-open-lightbox=\"yes\" data-elementor-lightbox-slideshow=\"0cc7c17\" data-elementor-lightbox-title=\"colonia de ferias 11 - 2016\" href='https:\/\/institutomangara.org\/wp-content\/uploads\/2021\/02\/colonia-de-ferias-11-2016.jpg'><img loading=\"lazy\" decoding=\"async\" width=\"768\" height=\"432\" src=\"https:\/\/institutomangara.org\/wp-content\/uploads\/2021\/02\/colonia-de-ferias-11-2016-768x432.jpg\" class=\"attachment-medium_large size-medium_large\" alt=\"\" srcset=\"https:\/\/institutomangara.org\/wp-content\/uploads\/2021\/02\/colonia-de-ferias-11-2016-768x432.jpg 768w, https:\/\/institutomangara.org\/wp-content\/uploads\/2021\/02\/colonia-de-ferias-11-2016-300x169.jpg 300w, https:\/\/institutomangara.org\/wp-content\/uploads\/2021\/02\/colonia-de-ferias-11-2016-1024x576.jpg 1024w, https:\/\/institutomangara.org\/wp-content\/uploads\/2021\/02\/colonia-de-ferias-11-2016.jpg 1257w\" sizes=\"auto, (max-width: 768px) 100vw, 768px\" \/><\/a>\n\t\t\t<\/div><\/figure><figure class='gallery-item'>\n\t\t\t<div class='gallery-icon landscape'>\n\t\t\t\t<a data-elementor-open-lightbox=\"yes\" data-elementor-lightbox-slideshow=\"0cc7c17\" data-elementor-lightbox-title=\"colonia de ferias 2B - 2020 novo\" href='https:\/\/institutomangara.org\/wp-content\/uploads\/2021\/02\/colonia-de-ferias-2B-2020-novo.jpg'><img loading=\"lazy\" decoding=\"async\" width=\"768\" height=\"433\" src=\"https:\/\/institutomangara.org\/wp-content\/uploads\/2021\/02\/colonia-de-ferias-2B-2020-novo-768x433.jpg\" class=\"attachment-medium_large size-medium_large\" alt=\"\" srcset=\"https:\/\/institutomangara.org\/wp-content\/uploads\/2021\/02\/colonia-de-ferias-2B-2020-novo-768x433.jpg 768w, https:\/\/institutomangara.org\/wp-content\/uploads\/2021\/02\/colonia-de-ferias-2B-2020-novo-300x169.jpg 300w, https:\/\/institutomangara.org\/wp-content\/uploads\/2021\/02\/colonia-de-ferias-2B-2020-novo.jpg 857w\" sizes=\"auto, (max-width: 768px) 100vw, 768px\" \/><\/a>\n\t\t\t<\/div><\/figure><figure class='gallery-item'>\n\t\t\t<div class='gallery-icon landscape'>\n\t\t\t\t<a data-elementor-open-lightbox=\"yes\" data-elementor-lightbox-slideshow=\"0cc7c17\" data-elementor-lightbox-title=\"colonia de ferias 1 - 2020\" href='https:\/\/institutomangara.org\/wp-content\/uploads\/2021\/02\/colonia-de-ferias-1-2020-1.jpg'><img loading=\"lazy\" decoding=\"async\" width=\"768\" height=\"433\" src=\"https:\/\/institutomangara.org\/wp-content\/uploads\/2021\/02\/colonia-de-ferias-1-2020-1-768x433.jpg\" class=\"attachment-medium_large size-medium_large\" alt=\"\" srcset=\"https:\/\/institutomangara.org\/wp-content\/uploads\/2021\/02\/colonia-de-ferias-1-2020-1-768x433.jpg 768w, https:\/\/institutomangara.org\/wp-content\/uploads\/2021\/02\/colonia-de-ferias-1-2020-1-300x169.jpg 300w, https:\/\/institutomangara.org\/wp-content\/uploads\/2021\/02\/colonia-de-ferias-1-2020-1-1024x577.jpg 1024w, https:\/\/institutomangara.org\/wp-content\/uploads\/2021\/02\/colonia-de-ferias-1-2020-1.jpg 1139w\" sizes=\"auto, (max-width: 768px) 100vw, 768px\" \/><\/a>\n\t\t\t<\/div><\/figure><figure class='gallery-item'>\n\t\t\t<div class='gallery-icon landscape'>\n\t\t\t\t<a data-elementor-open-lightbox=\"yes\" data-elementor-lightbox-slideshow=\"0cc7c17\" data-elementor-lightbox-title=\"colonia de ferias 1A - 2020\" href='https:\/\/institutomangara.org\/wp-content\/uploads\/2021\/02\/colonia-de-ferias-1A-2020.jpg'><img loading=\"lazy\" decoding=\"async\" width=\"768\" height=\"432\" src=\"https:\/\/institutomangara.org\/wp-content\/uploads\/2021\/02\/colonia-de-ferias-1A-2020-768x432.jpg\" class=\"attachment-medium_large size-medium_large\" alt=\"\" srcset=\"https:\/\/institutomangara.org\/wp-content\/uploads\/2021\/02\/colonia-de-ferias-1A-2020-768x432.jpg 768w, https:\/\/institutomangara.org\/wp-content\/uploads\/2021\/02\/colonia-de-ferias-1A-2020-300x169.jpg 300w, https:\/\/institutomangara.org\/wp-content\/uploads\/2021\/02\/colonia-de-ferias-1A-2020-1024x576.jpg 1024w, https:\/\/institutomangara.org\/wp-content\/uploads\/2021\/02\/colonia-de-ferias-1A-2020.jpg 1132w\" sizes=\"auto, (max-width: 768px) 100vw, 768px\" \/><\/a>\n\t\t\t<\/div><\/figure><figure class='gallery-item'>\n\t\t\t<div class='gallery-icon landscape'>\n\t\t\t\t<a data-elementor-open-lightbox=\"yes\" data-elementor-lightbox-slideshow=\"0cc7c17\" data-elementor-lightbox-title=\"colonias passadas\" href='https:\/\/institutomangara.org\/wp-content\/uploads\/2021\/02\/colonias-passadas-1.jpg'><img loading=\"lazy\" decoding=\"async\" width=\"768\" height=\"432\" src=\"https:\/\/institutomangara.org\/wp-content\/uploads\/2021\/02\/colonias-passadas-1-768x432.jpg\" class=\"attachment-medium_large size-medium_large\" alt=\"\" srcset=\"https:\/\/institutomangara.org\/wp-content\/uploads\/2021\/02\/colonias-passadas-1-768x432.jpg 768w, https:\/\/institutomangara.org\/wp-content\/uploads\/2021\/02\/colonias-passadas-1-300x169.jpg 300w, https:\/\/institutomangara.org\/wp-content\/uploads\/2021\/02\/colonias-passadas-1-1024x576.jpg 1024w, https:\/\/institutomangara.org\/wp-content\/uploads\/2021\/02\/colonias-passadas-1.jpg 1333w\" sizes=\"auto, (max-width: 768px) 100vw, 768px\" \/><\/a>\n\t\t\t<\/div><\/figure><figure class='gallery-item'>\n\t\t\t<div class='gallery-icon landscape'>\n\t\t\t\t<a data-elementor-open-lightbox=\"yes\" data-elementor-lightbox-slideshow=\"0cc7c17\" data-elementor-lightbox-title=\"colonia de ferias 4 - 2019\" href='https:\/\/institutomangara.org\/wp-content\/uploads\/2021\/02\/colonia-de-ferias-4-2019-1.jpg'><img loading=\"lazy\" decoding=\"async\" width=\"768\" height=\"432\" src=\"https:\/\/institutomangara.org\/wp-content\/uploads\/2021\/02\/colonia-de-ferias-4-2019-1-768x432.jpg\" class=\"attachment-medium_large size-medium_large\" alt=\"\" srcset=\"https:\/\/institutomangara.org\/wp-content\/uploads\/2021\/02\/colonia-de-ferias-4-2019-1-768x432.jpg 768w, https:\/\/institutomangara.org\/wp-content\/uploads\/2021\/02\/colonia-de-ferias-4-2019-1-300x169.jpg 300w, https:\/\/institutomangara.org\/wp-content\/uploads\/2021\/02\/colonia-de-ferias-4-2019-1-1024x576.jpg 1024w, https:\/\/institutomangara.org\/wp-content\/uploads\/2021\/02\/colonia-de-ferias-4-2019-1-1536x863.jpg 1536w, https:\/\/institutomangara.org\/wp-content\/uploads\/2021\/02\/colonia-de-ferias-4-2019-1-2048x1151.jpg 2048w\" sizes=\"auto, (max-width: 768px) 100vw, 768px\" \/><\/a>\n\t\t\t<\/div><\/figure>\n\t\t<\/div>\n\t\t<\/div>\n\t\t\t\t<\/div>\n\t\t\t\t<\/div>\n\t\t\t\t\t\t<\/div>\n\t\t\t\t\t<\/div>\n\t\t<\/div>\n\t\t\t\t\t\t\t\t<\/div>\n\t\t\t\t\t<\/div>\n\t\t<\/section>\n\t\t\t\t\t\t<\/div>\n\t\t\t\t\t\t<\/div>\n\t\t\t\t\t<\/div>\n\t\t","protected":false},"excerpt":{"rendered":"<p>Projeto Col\u00f4nia de F\u00e9rias Acolhido pelo Programa\u00a0 Casa Verde desde 2014 em parcerias com a AVCS- Associa\u00e7\u00e3o dos Moradores do Serrote do Meio, Escola Josefa Forte, Creche Vanner Mesquita, s\u00f3cios do Mangar\u00e1\u00a0 e amigos da Casa Verde, a Col\u00f4nia de F\u00e9rias se instala no m\u00eas das f\u00e9rias de julho com dezenas de atividades recreativas, jogos &hellip;<\/p>\n<p class=\"read-more\"> <a class=\"\" href=\"https:\/\/institutomangara.org\/?page_id=1769\"> <span class=\"screen-reader-text\">Col\u00f4nia de F\u00e9rias<\/span> Leia mais &raquo;<\/a><\/p>\n","protected":false},"author":1,"featured_media":0,"parent":0,"menu_order":0,"comment_status":"closed","ping_status":"closed","template":"","meta":{"footnotes":""},"class_list":["post-1769","page","type-page","status-publish","hentry"],"_links":{"self":[{"href":"https:\/\/institutomangara.org\/index.php?rest_route=\/wp\/v2\/pages\/1769","targetHints":{"allow":["GET"]}}],"collection":[{"href":"https:\/\/institutomangara.org\/index.php?rest_route=\/wp\/v2\/pages"}],"about":[{"href":"https:\/\/institutomangara.org\/index.php?rest_route=\/wp\/v2\/types\/page"}],"author":[{"embeddable":true,"href":"https:\/\/institutomangara.org\/index.php?rest_route=\/wp\/v2\/users\/1"}],"replies":[{"embeddable":true,"href":"https:\/\/institutomangara.org\/index.php?rest_route=%2Fwp%2Fv2%2Fcomments&post=1769"}],"version-history":[{"count":16,"href":"https:\/\/institutomangara.org\/index.php?rest_route=\/wp\/v2\/pages\/1769\/revisions"}],"predecessor-version":[{"id":2268,"href":"https:\/\/institutomangara.org\/index.php?rest_route=\/wp\/v2\/pages\/1769\/revisions\/2268"}],"wp:attachment":[{"href":"https:\/\/institutomangara.org\/index.php?rest_route=%2Fwp%2Fv2%2Fmedia&parent=1769"}],"curies":[{"name":"wp","href":"https:\/\/api.w.org\/{rel}","templated":true}]}}