{"id":19,"date":"2017-06-19T07:07:27","date_gmt":"2017-06-19T07:07:27","guid":{"rendered":"http:\/\/institutomangara.org\/?page_id=19"},"modified":"2021-01-05T16:54:00","modified_gmt":"2021-01-05T16:54:00","slug":"about","status":"publish","type":"page","link":"https:\/\/institutomangara.org\/?page_id=19","title":{"rendered":"About"},"content":{"rendered":"\t\t<div data-elementor-type=\"wp-post\" data-elementor-id=\"19\" class=\"elementor elementor-19\" data-elementor-settings=\"[]\">\n\t\t\t\t\t\t<div class=\"elementor-inner\">\n\t\t\t\t\t\t\t<div class=\"elementor-section-wrap\">\n\t\t\t\t\t\t\t<section class=\"has_ma_el_bg_slider elementor-section elementor-top-section elementor-element elementor-element-4ae63c00 elementor-section-stretched elementor-section-height-min-height elementor-section-boxed elementor-section-height-default elementor-section-items-middle elementor-invisible\" data-id=\"4ae63c00\" data-element_type=\"section\" data-settings=\"{&quot;background_background&quot;:&quot;classic&quot;,&quot;stretch_section&quot;:&quot;section-stretched&quot;,&quot;animation&quot;:&quot;fadeIn&quot;}\">\n\t\t\t\t\t\t\t<div class=\"elementor-background-overlay\"><\/div>\n\t\t\t\t\t\t\t<div class=\"elementor-container elementor-column-gap-no\">\n\t\t\t\t\t\t\t<div class=\"elementor-row\">\n\t\t\t\t\t<div class=\"has_ma_el_bg_slider elementor-column elementor-col-100 elementor-top-column elementor-element elementor-element-2df56f35\" data-id=\"2df56f35\" data-element_type=\"column\">\n\t\t\t<div class=\"elementor-column-wrap elementor-element-populated\">\n\t\t\t\t\t\t\t<div class=\"elementor-widget-wrap\">\n\t\t\t\t\t\t<div class=\"elementor-element elementor-element-2afa6b23 elementor-widget elementor-widget-heading\" data-id=\"2afa6b23\" data-element_type=\"widget\" data-widget_type=\"heading.default\">\n\t\t\t\t<div class=\"elementor-widget-container\">\n\t\t\t<h1 class=\"elementor-heading-title elementor-size-default\">Sobre n\u00f3s<\/h1>\t\t<\/div>\n\t\t\t\t<\/div>\n\t\t\t\t<div class=\"elementor-element elementor-element-7a01cb37 elementor-widget elementor-widget-heading\" data-id=\"7a01cb37\" data-element_type=\"widget\" data-widget_type=\"heading.default\">\n\t\t\t\t<div class=\"elementor-widget-container\">\n\t\t\t<h4 class=\"elementor-heading-title elementor-size-default\">Bem-vindo ao Instituto Mangar\u00e1<\/h4>\t\t<\/div>\n\t\t\t\t<\/div>\n\t\t\t\t<div class=\"elementor-element elementor-element-6de4b859 elementor-widget elementor-widget-text-editor\" data-id=\"6de4b859\" data-element_type=\"widget\" data-widget_type=\"text-editor.default\">\n\t\t\t\t<div class=\"elementor-widget-container\">\n\t\t\t\t\t<div class=\"elementor-text-editor elementor-clearfix\"><p>iInstituto Mangar\u00e1 e insere v\u00e1rias a\u00e7\u00f5es executadas no Distrito do Serrote do Meio, no Munic\u00edpio de Itapaj\u00e9.<\/p><\/div>\n\t\t\t\t<\/div>\n\t\t\t\t<\/div>\n\t\t\t\t\t\t<\/div>\n\t\t\t\t\t<\/div>\n\t\t<\/div>\n\t\t\t\t\t\t\t\t<\/div>\n\t\t\t\t\t<\/div>\n\t\t<\/section>\n\t\t\t\t<section class=\"has_ma_el_bg_slider elementor-section elementor-top-section elementor-element elementor-element-6ae625ba elementor-section-stretched elementor-section-boxed elementor-section-height-default elementor-section-height-default\" data-id=\"6ae625ba\" data-element_type=\"section\" data-settings=\"{&quot;stretch_section&quot;:&quot;section-stretched&quot;,&quot;background_background&quot;:&quot;classic&quot;}\">\n\t\t\t\t\t\t<div class=\"elementor-container elementor-column-gap-no\">\n\t\t\t\t\t\t\t<div class=\"elementor-row\">\n\t\t\t\t\t<div class=\"has_ma_el_bg_slider elementor-column elementor-col-100 elementor-top-column elementor-element elementor-element-6df658f1\" data-id=\"6df658f1\" data-element_type=\"column\">\n\t\t\t<div class=\"elementor-column-wrap elementor-element-populated\">\n\t\t\t\t\t\t\t<div class=\"elementor-widget-wrap\">\n\t\t\t\t\t\t<section class=\"has_ma_el_bg_slider elementor-section elementor-inner-section elementor-element elementor-element-5f856341 elementor-section-boxed elementor-section-height-default elementor-section-height-default\" data-id=\"5f856341\" data-element_type=\"section\">\n\t\t\t\t\t\t<div class=\"elementor-container elementor-column-gap-default\">\n\t\t\t\t\t\t\t<div class=\"elementor-row\">\n\t\t\t\t\t<div class=\"has_ma_el_bg_slider elementor-column elementor-col-33 elementor-inner-column elementor-element elementor-element-61a99efd\" data-id=\"61a99efd\" data-element_type=\"column\" data-settings=\"{&quot;background_background&quot;:&quot;classic&quot;}\">\n\t\t\t<div class=\"elementor-column-wrap elementor-element-populated\">\n\t\t\t\t\t\t\t<div class=\"elementor-widget-wrap\">\n\t\t\t\t\t\t<div class=\"elementor-element elementor-element-24c0e696 elementor-widget-divider--view-line elementor-widget elementor-widget-divider\" data-id=\"24c0e696\" data-element_type=\"widget\" data-widget_type=\"divider.default\">\n\t\t\t\t<div class=\"elementor-widget-container\">\n\t\t\t\t\t<div class=\"elementor-divider\">\n\t\t\t<span class=\"elementor-divider-separator\">\n\t\t\t\t\t\t<\/span>\n\t\t<\/div>\n\t\t\t\t<\/div>\n\t\t\t\t<\/div>\n\t\t\t\t<div class=\"elementor-element elementor-element-1ee123e2 elementor-widget elementor-widget-heading\" data-id=\"1ee123e2\" data-element_type=\"widget\" data-widget_type=\"heading.default\">\n\t\t\t\t<div class=\"elementor-widget-container\">\n\t\t\t<h3 class=\"elementor-heading-title elementor-size-default\">Quem somos n\u00f3s<\/h3>\t\t<\/div>\n\t\t\t\t<\/div>\n\t\t\t\t<div class=\"elementor-element elementor-element-abb4b96 elementor-widget elementor-widget-text-editor\" data-id=\"abb4b96\" data-element_type=\"widget\" data-widget_type=\"text-editor.default\">\n\t\t\t\t<div class=\"elementor-widget-container\">\n\t\t\t\t\t<div class=\"elementor-text-editor elementor-clearfix\"><p>O Mangar\u00e1 &#8211; Instituto para o Desenvolvimento Sustent\u00e1vel, \u00e9 uma organiza\u00e7\u00e3o sem fins lucrativos que visa promover o envolvimento das pessoas em seus territ\u00f3rios.<\/p><p>\u00a0<\/p><\/div>\n\t\t\t\t<\/div>\n\t\t\t\t<\/div>\n\t\t\t\t\t\t<\/div>\n\t\t\t\t\t<\/div>\n\t\t<\/div>\n\t\t\t\t<div class=\"has_ma_el_bg_slider elementor-column elementor-col-33 elementor-inner-column elementor-element elementor-element-fd41cbc\" data-id=\"fd41cbc\" data-element_type=\"column\" data-settings=\"{&quot;background_background&quot;:&quot;classic&quot;}\">\n\t\t\t<div class=\"elementor-column-wrap elementor-element-populated\">\n\t\t\t\t\t\t\t<div class=\"elementor-widget-wrap\">\n\t\t\t\t\t\t<div class=\"elementor-element elementor-element-371a2828 elementor-widget-divider--view-line elementor-widget elementor-widget-divider\" data-id=\"371a2828\" data-element_type=\"widget\" data-widget_type=\"divider.default\">\n\t\t\t\t<div class=\"elementor-widget-container\">\n\t\t\t\t\t<div class=\"elementor-divider\">\n\t\t\t<span class=\"elementor-divider-separator\">\n\t\t\t\t\t\t<\/span>\n\t\t<\/div>\n\t\t\t\t<\/div>\n\t\t\t\t<\/div>\n\t\t\t\t<div class=\"elementor-element elementor-element-1b8b4b04 elementor-widget elementor-widget-heading\" data-id=\"1b8b4b04\" data-element_type=\"widget\" data-widget_type=\"heading.default\">\n\t\t\t\t<div class=\"elementor-widget-container\">\n\t\t\t<h3 class=\"elementor-heading-title elementor-size-default\">Nossa Miss\u00e3o<\/h3>\t\t<\/div>\n\t\t\t\t<\/div>\n\t\t\t\t<div class=\"elementor-element elementor-element-7c1a697b elementor-widget elementor-widget-text-editor\" data-id=\"7c1a697b\" data-element_type=\"widget\" data-widget_type=\"text-editor.default\">\n\t\t\t\t<div class=\"elementor-widget-container\">\n\t\t\t\t\t<div class=\"elementor-text-editor elementor-clearfix\"><p>Pensar, elaborar, executar projeto autorais numa perspectiva de melhora de condi\u00e7\u00f5es de vida para todos e todas assim como incubar coletivos na perspectiva de sua autonomia.<\/p><\/div>\n\t\t\t\t<\/div>\n\t\t\t\t<\/div>\n\t\t\t\t\t\t<\/div>\n\t\t\t\t\t<\/div>\n\t\t<\/div>\n\t\t\t\t<div class=\"has_ma_el_bg_slider elementor-column elementor-col-33 elementor-inner-column elementor-element elementor-element-de09c03\" data-id=\"de09c03\" data-element_type=\"column\" data-settings=\"{&quot;background_background&quot;:&quot;classic&quot;}\">\n\t\t\t<div class=\"elementor-column-wrap elementor-element-populated\">\n\t\t\t\t\t\t\t<div class=\"elementor-widget-wrap\">\n\t\t\t\t\t\t<div class=\"elementor-element elementor-element-759c5282 elementor-widget-divider--view-line elementor-widget elementor-widget-divider\" data-id=\"759c5282\" data-element_type=\"widget\" data-widget_type=\"divider.default\">\n\t\t\t\t<div class=\"elementor-widget-container\">\n\t\t\t\t\t<div class=\"elementor-divider\">\n\t\t\t<span class=\"elementor-divider-separator\">\n\t\t\t\t\t\t<\/span>\n\t\t<\/div>\n\t\t\t\t<\/div>\n\t\t\t\t<\/div>\n\t\t\t\t<div class=\"elementor-element elementor-element-2c74da27 elementor-widget elementor-widget-heading\" data-id=\"2c74da27\" data-element_type=\"widget\" data-widget_type=\"heading.default\">\n\t\t\t\t<div class=\"elementor-widget-container\">\n\t\t\t<h3 class=\"elementor-heading-title elementor-size-default\">O que fazemos\n<\/h3>\t\t<\/div>\n\t\t\t\t<\/div>\n\t\t\t\t<div class=\"elementor-element elementor-element-1c7d0c9b elementor-icon-list--layout-traditional elementor-list-item-link-full_width elementor-widget elementor-widget-icon-list\" data-id=\"1c7d0c9b\" data-element_type=\"widget\" data-widget_type=\"icon-list.default\">\n\t\t\t\t<div class=\"elementor-widget-container\">\n\t\t\t\t\t<ul class=\"elementor-icon-list-items\">\n\t\t\t\t\t\t\t<li class=\"elementor-icon-list-item\">\n\t\t\t\t\t\t\t\t\t\t\t<span class=\"elementor-icon-list-icon\">\n\t\t\t\t\t\t\t<i aria-hidden=\"true\" class=\"fas fa-caret-right\"><\/i>\t\t\t\t\t\t<\/span>\n\t\t\t\t\t\t\t\t\t\t<span class=\"elementor-icon-list-text\">Projeto Casa Verde<\/span>\n\t\t\t\t\t\t\t\t\t<\/li>\n\t\t\t\t\t\t\t\t<li class=\"elementor-icon-list-item\">\n\t\t\t\t\t\t\t\t\t\t\t<span class=\"elementor-icon-list-icon\">\n\t\t\t\t\t\t\t<i aria-hidden=\"true\" class=\"fas fa-caret-right\"><\/i>\t\t\t\t\t\t<\/span>\n\t\t\t\t\t\t\t\t\t\t<span class=\"elementor-icon-list-text\">Curso Ingl\u00eas Green House<\/span>\n\t\t\t\t\t\t\t\t\t<\/li>\n\t\t\t\t\t\t\t\t<li class=\"elementor-icon-list-item\">\n\t\t\t\t\t\t\t\t\t\t\t<span class=\"elementor-icon-list-icon\">\n\t\t\t\t\t\t\t<i aria-hidden=\"true\" class=\"fas fa-caret-right\"><\/i>\t\t\t\t\t\t<\/span>\n\t\t\t\t\t\t\t\t\t\t<span class=\"elementor-icon-list-text\">Espa\u00e7o de Leitura<\/span>\n\t\t\t\t\t\t\t\t\t<\/li>\n\t\t\t\t\t\t\t\t<li class=\"elementor-icon-list-item\">\n\t\t\t\t\t\t\t\t\t\t\t<span class=\"elementor-icon-list-icon\">\n\t\t\t\t\t\t\t<i aria-hidden=\"true\" class=\"fas fa-caret-right\"><\/i>\t\t\t\t\t\t<\/span>\n\t\t\t\t\t\t\t\t\t\t<span class=\"elementor-icon-list-text\">F\u00e1rmacia Viva<\/span>\n\t\t\t\t\t\t\t\t\t<\/li>\n\t\t\t\t\t\t\t\t<li class=\"elementor-icon-list-item\">\n\t\t\t\t\t\t\t\t\t\t\t<span class=\"elementor-icon-list-icon\">\n\t\t\t\t\t\t\t<i aria-hidden=\"true\" class=\"fas fa-caret-right\"><\/i>\t\t\t\t\t\t<\/span>\n\t\t\t\t\t\t\t\t\t\t<span class=\"elementor-icon-list-text\">Col\u00f4nia de F\u00e9rias<\/span>\n\t\t\t\t\t\t\t\t\t<\/li>\n\t\t\t\t\t\t\t\t<li class=\"elementor-icon-list-item\">\n\t\t\t\t\t\t\t\t\t\t\t<span class=\"elementor-icon-list-icon\">\n\t\t\t\t\t\t\t<i aria-hidden=\"true\" class=\"fas fa-caret-right\"><\/i>\t\t\t\t\t\t<\/span>\n\t\t\t\t\t\t\t\t\t\t<span class=\"elementor-icon-list-text\">Escola de Musica<br><span class=\"elementor-icon-list-text elementor-inline-editing pen\" data-elementor-setting-key=\"icon_list.5.text\" data-pen-placeholder=\"Digite aqui...\" contenteditable=\"true\">R<\/span>ede Kilof\u00e9<\/span>\n\t\t\t\t\t\t\t\t\t<\/li>\n\t\t\t\t\t\t<\/ul>\n\t\t\t\t<\/div>\n\t\t\t\t<\/div>\n\t\t\t\t\t\t<\/div>\n\t\t\t\t\t<\/div>\n\t\t<\/div>\n\t\t\t\t\t\t\t\t<\/div>\n\t\t\t\t\t<\/div>\n\t\t<\/section>\n\t\t\t\t\t\t<\/div>\n\t\t\t\t\t<\/div>\n\t\t<\/div>\n\t\t\t\t\t\t\t\t<\/div>\n\t\t\t\t\t<\/div>\n\t\t<\/section>\n\t\t\t\t<section class=\"has_ma_el_bg_slider elementor-section elementor-top-section elementor-element elementor-element-40c3f30 elementor-section-boxed elementor-section-height-default elementor-section-height-default\" data-id=\"40c3f30\" data-element_type=\"section\">\n\t\t\t\t\t\t<div class=\"elementor-container elementor-column-gap-default\">\n\t\t\t\t\t\t\t<div class=\"elementor-row\">\n\t\t\t\t\t<div class=\"has_ma_el_bg_slider elementor-column elementor-col-100 elementor-top-column elementor-element elementor-element-75ba6d4\" data-id=\"75ba6d4\" data-element_type=\"column\">\n\t\t\t<div class=\"elementor-column-wrap elementor-element-populated\">\n\t\t\t\t\t\t\t<div class=\"elementor-widget-wrap\">\n\t\t\t\t\t\t<div class=\"elementor-element elementor-element-9d42d61 elementor-widget elementor-widget-text-editor\" data-id=\"9d42d61\" data-element_type=\"widget\" data-widget_type=\"text-editor.default\">\n\t\t\t\t<div class=\"elementor-widget-container\">\n\t\t\t\t\t<div class=\"elementor-text-editor elementor-clearfix\"><div id=\"_idContainer001\" class=\"Quadro-de-texto-b-sico\"><p class=\"_primeiro-titulo\"><span class=\"primeiro-titulo\">MEMORIAL <\/span><span class=\"primeiro-titulo\">ATIVIDADES REALIZADAS PELO MANGAR\u00c1 NOS ANOS DE 2013 \u00c0 2019<\/span><\/p><\/div><div id=\"_idContainer002\" class=\"Quadro-de-texto-b-sico\"><p class=\"tituleira-1-azul\"><span class=\"tituleira-1-azul\">Apresenta\u00e7\u00e3o<\/span><\/p><p class=\"miolo-1\"><span class=\"capitular\"><span class=\"_idGenDropcap-1\">M<\/span><\/span><span class=\"miolo-1 CharOverride-1\">angar\u00e1<\/span><span class=\"miolo-1\">\u00a0Instituto para o Desenvolvimento Sustent\u00e1vel constitu\u00eddo em 26 de Janeiro de 2002 tem por finalidade contribuir para o desenvolvimento de comunidades sustent\u00e1veis. Desde seu in\u00edcio atuou com atividades de arte e cultura como vetor indispens\u00e1vel aos processos de desenvolvimento integrador nas comunidades e nos grupos. Seu trabalho tem uma aten\u00e7\u00e3o especial na articula\u00e7\u00e3o e mobiliza\u00e7\u00e3o comunit\u00e1ria buscando sempre uma intera\u00e7\u00e3o entre diversos atores sociais. Atualmente desenvolve sua a\u00e7\u00e3o preferencialmente na localidade de Serrote do Meio, um distrito rural de Itapaj\u00e9-CE, onde est\u00e1 sediado e tem no\u00a0<\/span><span class=\"miolo-1 CharOverride-1\">Projeto Casa Verde<\/span><span class=\"miolo-1\">\u00a0&#8211; Um lugar para compartilhar saberes e vivenciar as artes, a cultura e as ci\u00eancias da vida, como sua principal a\u00e7\u00e3o. Atua em articula\u00e7\u00e3o permanente com a Escola local e a Associa\u00e7\u00e3o de moradores Valter Cavalcante S\u00e1 bem como busca parcerias com diversas Secretarias Municipais: Cultura, Assist\u00eancia, Educa\u00e7\u00e3o, Agricultura e Meio Ambiente.<\/span><\/p><p class=\"miolo-1\"><span class=\"capitular\"><span class=\"_idGenDropcap-1\">E<\/span><\/span><span class=\"miolo-1 CharOverride-1\">m 2015<\/span><span class=\"miolo-1\">\u00a0a Assembl\u00e9ia geral acrescentou mais uma tem\u00e1tica com a\u00e7\u00f5es voltadas para as quest\u00f5es das pol\u00edticas e Promo\u00e7\u00e3o da Igualdade Racial. Entre as atividades dessa nova linha oferece oficinas pedag\u00f3gicas para a implanta\u00e7\u00e3o da lei 10639\/03 que estabelece o ensino da hist\u00f3ria da \u00c1frica e a incuba\u00e7\u00e3o da rede Kilof\u00e9 de Economia de Negras e Negros do Cear\u00e1.(2015 a 2017), realizando, numa parceria com o Centro Drag\u00e3o do Mar de Arte e Cultura e com a FETRACE, a Kitanda no Drag\u00e3o, evento que aconteceu em n\u00famero de 8, nos anos 2016\/17, em alus\u00e3o \u00e0s datas comemorativas da popula\u00e7\u00e3o negra do Cear\u00e1.<\/span><\/p><p class=\"miolo-1\"><span class=\"capitular\"><span class=\"_idGenDropcap-1\">E<\/span><\/span><span class=\"miolo-1 CharOverride-1\">m 2017<\/span><span class=\"miolo-1\">\u00a0a parceria com o INEC propiciou um curso de empreendedorismo para membros da rede Kilof\u00e9, em Fortaleza, e o Prosseguir &#8211; conte\u00fados do ensino m\u00e9dio &#8211; para jovens em Serrote do Meio junto a cria\u00e7\u00e3o do Espa\u00e7o de Leitura Mangar\u00e1.<\/span><\/p><p class=\"miolo-1\"><span class=\"capitular\"><span class=\"_idGenDropcap-1\">O\u00a0<\/span><\/span><span class=\"miolo-1 CharOverride-1\">di\u00e1logo<\/span><span class=\"miolo-1\">\u00a0iniciado com o Instituto Brasil \u00c1frica em 2018 na perspectivas de iniciativas no \u00e2mbito da economia de negras e negros, reafirma a promo\u00e7\u00e3o da igualdade racial como um dos pressupostos b\u00e1sicos para a efetiva\u00e7\u00e3o de um desenvolvimento sustent\u00e1vel. Consideramos resultado da incuba\u00e7\u00e3o da Rede Kilof\u00e9 o empreendimento de comercializa\u00e7\u00e3o Cear\u00e1fro instalado por uma das empreendedoras da rede em local de excelente acesso na cidade de Fortaleza possibilitando a comercializa\u00e7\u00e3o para demais membros da Rede.<\/span><\/p><p class=\"miolo-1\"><span class=\"capitular\"><span class=\"_idGenDropcap-1\">A<\/span><\/span><span class=\"miolo-1 CharOverride-1\">tuamos<\/span><span class=\"miolo-1\">\u00a0ainda propiciando forma\u00e7\u00e3o de Permacultura. A grande novidade do \u00faltimo ano de 2018 precisamente em outubro, foi acolhermos uma proposta para incubar um projeto de empreendimento de galinha caipira como um neg\u00f3cio para tr\u00eas jovens envolvidos nas demais a\u00e7\u00f5es do mangar\u00e1, a equipe segue se organizando, planejando e trabalhando na expectativa de bons resultados. O grupo conta hoje com a ajuda de uma consultoria t\u00e9cnica do Senar. Hoje o\u00a0<\/span><span class=\"miolo-1 CharOverride-1\">Projeto Casa Verde<\/span><span class=\"miolo-1\">\u00a0busca sua sustentabilidade a partir desses jovens que empreendem em atividades de horta, galinha e do projeto ECOMEIO que envolve casa de sementes, viveiro de mudas e artesanato com recicl\u00e1veis. Ao processo de sustentabilidade de suas vidas vincula-se a refer\u00eancia de uma comunidade sustentavel onde se possa viver bem.<\/span><\/p><p class=\"tituleira-1-azul\"><span class=\"Estilo-de-caractere-1 CharOverride-2\">Casa Verde &#8211; Um Lugar para Compartilhar Saberes e Vivenciar as Artes, as Culturas e as Ci\u00eancias da Vida.<\/span><\/p><p class=\"miolo-1\"><span class=\"capitular\"><span class=\"_idGenDropcap-2\">C<\/span><\/span><span class=\"miolo-1\">om o objetivo de dinamizar a sede do instituto e criar refer\u00eancia na comunidade de Serrote do Meio as atividades do\u00a0<\/span><span class=\"miolo-1 CharOverride-1\">Projeto Casa Verde<\/span><span class=\"miolo-1\">\u00a0foram iniciadas em 2013.<\/span><\/p><p class=\"miolo-1\"><span class=\"capitular\"><span class=\"_idGenDropcap-1\">A<\/span><\/span><span class=\"miolo-1 CharOverride-1\">ulas de M\u00fasica:<\/span><span class=\"miolo-1\">\u00a0a atividade contou com uma matriz permanente de 10 alunos chegando a uma frequ\u00eancia de 15. Tendo como professor Abmael residente em Itapaj\u00e9 as aulas aconteciam \u00e0s sextas feiras pela manh\u00e3 de 08 \u00e0s 10. Foram feitas algumas apresenta\u00e7\u00f5es com o grupo na comunidade de Pitombeiras, na escola, na Igreja e junto ao grupo de idosos. Articulando os alunos de m\u00fasica, dan\u00e7a e outras crian\u00e7as da escola foi realizado no dia 25 de dezembro de 2014 o Pastoril que contou com a presen\u00e7a de um bom n\u00famero de comunit\u00e1rios e envolveu em torno de 30 jovens e crian\u00e7as. Como resultado vis\u00edvel dessa experi\u00eancia tivemos a forma\u00e7\u00e3o de um m\u00fasico profissional &#8211; Carlos Juan.<\/span><\/p><p class=\"miolo-1\"><span class=\"capitular\"><span class=\"_idGenDropcap-1\">A<\/span><\/span><span class=\"miolo-1 CharOverride-1\">ulas de Ingl\u00eas:<\/span><span class=\"miolo-1\">\u00a0as aulas de Ingl\u00eas com o professor Valdeci cumpriram regularmente os dois semestres de 2014, 2015, 2016 e 2017. Com trinta vagas teve a participa\u00e7\u00e3o de 22 alunos, sendo 07 no turno da manh\u00e3, 05 \u00e1 tarde e 10 a noite. Como fruto desse esfor\u00e7o uma aluna prestou exame e foi aprovada no Cambridge English Nivel 2.<\/span><\/p><p class=\"miolo-1\"><span class=\"capitular\"><span class=\"_idGenDropcap-1\">A<\/span><\/span><span class=\"miolo-1 CharOverride-1\">ulas de Dan\u00e7a:<\/span><span class=\"miolo-1\">\u00a0Aconteceram no primeiro semestre de 2015 com a Professora Silvia Moura e suspensa no m\u00eas de setembro. Em 2018 uma oficina com o Professor Cl\u00e9ber Alves durante a col\u00f4nia de f\u00e9rias propiciou uma parceria com a rede de dan\u00e7a do Cear\u00e1 no primeiro semestre de 2019.<\/span><\/p><p class=\"tituleira-1-azul ParaOverride-1\"><span class=\"tituleira-1-azul\">Col\u00f4nia de F\u00e9rias de Serrote do Meio &#8211; conviver, brincar e aprender em comunidade<\/span><\/p><p class=\"miolo-1\"><span class=\"capitular\"><span class=\"_idGenDropcap-1\">R<\/span><\/span><span class=\"miolo-1 CharOverride-1\">ealizamos<\/span><span class=\"miolo-1\">\u00a0uma atividade recreativa que intitulou-se\u00a0<\/span><span class=\"miolo-1 CharOverride-1\">Col\u00f4nia de F\u00e9rias<\/span><span class=\"miolo-1\">\u00a0em julho de 2014 durante 03 dias Foram atividades esportivas, l\u00fadicas que mobilizaram mais de 20 jovens. No ano seguinte, Julho de 2015 teve dura\u00e7\u00e3o de 05 dias e participa\u00e7\u00e3o em torno de 50 crian\u00e7as e adolescentes. Sempre com avalia\u00e7\u00e3o positiva a atividade teve sua VI edi\u00e7\u00e3o em 2019 com participa\u00e7\u00e3o de mais de 100 pessoas de todas as idades tornando-se um momento de integra\u00e7\u00e3o comunit\u00e1ria intergeracional e multitem\u00e1tica.<\/span><\/p><p class=\"tituleira-1-azul\"><span class=\"tituleira-1-azul\">Cursos<\/span><\/p><p class=\"miolo-1\"><span class=\"capitular\"><span class=\"_idGenDropcap-1\">E<\/span><\/span><span class=\"miolo-1 CharOverride-1\">m parceria<\/span><span class=\"miolo-1\">\u00a0com a Secretaria de Agricultura e o SENAR com dura\u00e7\u00e3o de 04 dias. Contou com a participa\u00e7\u00e3o de 16 criadores. Foi um momento rico e integrador que precisa ser retomado dentro do processo de desenvolvimento de atividades produtivas em redes de produ\u00e7\u00e3o como fora previsto no planejamento. Mas \u00e9 bem claro o benef\u00edcio que trouxe para criadores individuais que passaram a desenvolver com mais profissionalismo as suas cria\u00e7\u00f5es. A incuba\u00e7\u00e3o de empreendimentos coletivos com jovens na\u00a0<\/span><span class=\"miolo-1 CharOverride-1\">Casa Verde<\/span><span class=\"miolo-1\">\u00a0\u00e9 a continuidade desse processo que em 2019 veio a propiciar parceria com o IFC- Campus Umirim.<\/span><\/p><p class=\"tituleira-1-azul ParaOverride-2\"><span class=\"tituleira-1-azul\">ACOMPANHAMENTO E ASSESSORIA A ASSOCIA\u00c7\u00c3O DE MORADORES A.V.C.S<\/span><span class=\"miolo-1\">.<\/span><\/p><p class=\"miolo-1\"><span class=\"capitular\"><span class=\"_idGenDropcap-1\">P<\/span><\/span><span class=\"miolo-1 CharOverride-1\">articipamos\u00a0<\/span><span class=\"miolo-1\">representando a associa\u00e7\u00e3o em dois conselhos de pol\u00edticas p\u00fablicas: Assist\u00eancia e o de Sa\u00fade. Atrav\u00e9s da assist\u00eancia foi poss\u00edvel instalar grupos de conviv\u00eancia de adolescentes, idosos e mulheres, na comunidade. Em setembro no anivers\u00e1rio da associa\u00e7\u00e3o foi realizada uma a\u00e7\u00e3o global tamb\u00e9m em parceria com a secretaria de assist\u00eancia. Esse processo de parceria e integra\u00e7\u00e3o comunit\u00e1ria acontece durante o ano e nas atividades da\u00a0<\/span><span class=\"miolo-1 CharOverride-1\">Casa Verde<\/span><span class=\"miolo-1\">\u00a0contamos sempre com essa parceria.<\/span><\/p><p class=\"Par-grafo-b-sico ParaOverride-4\"><span class=\"Estilo-de-caractere-2 CharOverride-4\" lang=\"pt-PT\">Participa\u00e7\u00e3o no Movimento \u00c0guas de Itapaj\u00e9<\/span><\/p><p class=\"miolo-1\"><span class=\"capitular\"><span class=\"_idGenDropcap-1\">E<\/span><\/span><span class=\"miolo-1 CharOverride-1\">stivemos<\/span><span class=\"miolo-1\">\u00a0no lan\u00e7amento do movimento, nos encarregamos da regi\u00e3o do CAXITOR\u00c9. Realizamos em parceria com as escolas, o COM-VIDAS, quatro encontros nas localidades de Pitombeiras, Para\u00edso, Serrote do Meio e Retiro, para discutir a quest\u00e3o do Rio. Surgiram propostas que est\u00e3o por ser encaminhadas. No segundo semestre aconteceram os encontros em Itapaj\u00e9 na Secretaria de Educa\u00e7\u00e3o mas arrefeceram-se as a\u00e7\u00f5es locais. Inclusive com o agravante da retirada dos dessalinizadores pelo DNOCS que gerou uma necessidade de iniciar uma luta para reav\u00ea-los. Felizmente foi poss\u00edvel acessar o programa \u00c0gua Doce e o dessalinizador foi reinstalado . O\u00a0<\/span><span class=\"miolo-1 CharOverride-1\">Instituto Mangar\u00e1<\/span><span class=\"miolo-1\">\u00a0compartilha com a Associa\u00e7\u00e3o a gest\u00e3o do equipamento .<\/span><\/p><p class=\"Par-grafo-b-sico ParaOverride-5\"><span class=\"tituleira-1-azul\">AUTO-FORMA\u00c7\u00c3O E ATUALIZA\u00c7\u00c3O DOS CONCEITOS<\/span><\/p><p class=\"miolo-1\"><span class=\"capitular\"><span class=\"_idGenDropcap-1\">S<\/span><\/span><span class=\"miolo-1 CharOverride-1\">emin\u00e1rio<\/span><span class=\"miolo-1\">\u00a0de An\u00e1lise de Conjuntura realizado pela EQUIP\/INCRA em Itamarac\u00e1-PE, no in\u00edcio de junho teve a participa\u00e7\u00e3o do Instituto atrav\u00e9s de F\u00e1tima e Bernardo. L\u00e1 entramos em contato com a conceitua\u00e7\u00e3o e o trabalho dos Territ\u00f3rios da Cidadania, nos engajamos no plebiscito pela Constituinte e fizemos alguns contatos.<\/span><\/p><p class=\"miolo-1\"><span class=\"capitular\"><span class=\"_idGenDropcap-1\">C<\/span><\/span><span class=\"miolo-1 CharOverride-1\">urso Neg\u00f3cio Certo Rural:<\/span><span class=\"miolo-1\">\u00a0Realizado em Itapaj\u00e9 pela Secretaria de Agricultura e o SENAR entramos em contato com a conceitua\u00e7\u00e3o e a metodologia de elabora\u00e7\u00e3o de Projetos para financiamento de Neg\u00f3cios na \u00c1rea Rural. Foi muito importante inclusive para forma\u00e7\u00e3o do que poder\u00e1 ser um embri\u00e3o de grupo de empreendedores bem como a articula\u00e7\u00e3o com outros cursos do SENAR para futuras parcerias.<\/span><\/p><p class=\"tituleira-1-azul ParaOverride-6\"><span class=\"tituleira-1-azul\">PRESTA\u00c7\u00c3O DE SERVI\u00c7OS<\/span><\/p><p class=\"miolo-1\"><span class=\"capitular\"><span class=\"_idGenDropcap-1\">O<\/span><\/span><span class=\"miolo-1 CharOverride-1\">ficinas\u00a0<\/span><span class=\"miolo-1\">Pedag\u00f3gicas no Projeto Beberibe Multicor &#8211; Um movimento por uma Inf\u00e2ncia sem Racismo &#8211; no munic\u00edpio de Beberibe. Financiado pelo Ita\u00fa Cultural atrav\u00e9s do COMDICA as atividades aconteceram de agosto a outubro com uma carga hor\u00e1ria de 48 horas. Participaram 40 pessoas entre professores e educadores sociais e funcion\u00e1rios dos CRAS. Com a tem\u00e1tica de implementa\u00e7\u00e3o da lei 10639\/03. As Oficinas trabalharam na perspectiva da constru\u00e7\u00e3o de informa\u00e7\u00e3o e da troca de saberes docente os seguintes aspectos: Ensinando e Aprendendo com a literatura africana e afro brasileira; Corporeidade e ancestralidade africana; Legisla\u00e7\u00e3o e pol\u00edticas p\u00fablicas para a promo\u00e7\u00e3o da igualdade racial.<\/span><\/p><p class=\"miolo-1\"><span class=\"capitular\"><span class=\"_idGenDropcap-1\">O<\/span><\/span><span class=\"miolo-1 CharOverride-1\">ficina<\/span><span class=\"miolo-1\">\u00a0Terra Negra Brasil &#8211; TNB: Fruto do conv\u00eanio entre o MDA\/SRA com o NEN- Nucleo de Estudos Negro, para capacita\u00e7\u00e3o e divulga\u00e7\u00e3o do Selo Terra Negra Brasil. A oficina teve como objetivo capacitar e mobilizar t\u00e9cnicos (as) e parceiros (as) para o desenvolvimento de a\u00e7\u00f5es institucionais conjuntas, a fim de dinamizar o acesso das fam\u00edlias e comunidades negras rurais ao Selo Terra Negra Brasil nos estados de abrang\u00eancia.<\/span><\/p><p class=\"miolo-1\"><span class=\"capitular\"><span class=\"_idGenDropcap-1\">N<\/span><\/span><span class=\"miolo-1 CharOverride-1\">o dia\u00a0<\/span><span class=\"miolo-1\">26 de janeiro de 2020 o\u00a0<\/span><span class=\"miolo-1 CharOverride-1\">Instituto Mangar\u00e1<\/span><span class=\"miolo-1\">\u00a0completou 18 anos de sua funda\u00e7\u00e3o mantendo suas atividades sem interrup\u00e7\u00e3o. H\u00e1 seis anos com o Projeto\u00a0<\/span><span class=\"miolo-1 CharOverride-1\">Casa Verde<\/span><span class=\"miolo-1\">\u00a0prospecta para 2020 enfrentar alguns desafios:<\/span><\/p><p class=\"miolo-1---c\u00f3pia-2\"><span class=\"miolo-1\">Consolidar os projetos em curso com foco, determina\u00e7\u00e3o, sabedoria e conhecimento de seus processos de gest\u00e3o, produ\u00e7\u00e3o e comercializa\u00e7\u00e3o para que possam de fato se constitu\u00edrem em empreendimentos capazes de gerar a estabilidade econ\u00f4mica de seus participantes;<\/span><\/p><p class=\"miolo-1---c\u00f3pia-2\"><span class=\"miolo-1\">Consolidar, aprofundar as parcerias existentes e conquistar novas parcerias que venham a viabilizar os projetos em curso em todo seu potencial e identificar as reciprocidades da parceria;<\/span><\/p><p class=\"miolo-1---c\u00f3pia-2\"><span class=\"miolo-1\">Propiciar a forma\u00e7\u00e3o dos membros de cada projeto em suas \u00e1reas de interesse;<\/span><\/p><p class=\"miolo-1---c\u00f3pia-2\"><span class=\"miolo-1\">Trabalhar o tema da sustentabilidade e desenvolvimento local em toda comunidade atrav\u00e9s cursos e palestras incluindo a quest\u00e3o da alimenta\u00e7\u00e3o saud\u00e1vel;<\/span><\/p><p class=\"miolo-1---c\u00f3pia-2\"><span class=\"miolo-1\">Realizar feiras locais para divulga\u00e7\u00e3o dos projetos e comercializa\u00e7\u00e3o dos produtos;<\/span><\/p><p class=\"miolo-1---c\u00f3pia-2\"><span class=\"miolo-1\">Incluir nas a\u00e7\u00f5es de Sustentabilidade e produ\u00e7\u00e3o Cultural as dan\u00e7as da cultura local (Pastoril, reisado, arco florido) no espa\u00e7o de leitura;<\/span><\/p><p class=\"miolo-1---c\u00f3pia-2\"><span class=\"miolo-1\">Realizar atividades culturais que envolvam, jovens adultos e crian\u00e7as como: Biodan\u00e7a, Teatro, dan\u00e7a e m\u00fasica com canto coral;<\/span><\/p><p class=\"miolo-1---c\u00f3pia-2\"><span class=\"miolo-1\">Discutir a possibilidade de retomada de atividades econ\u00f4micas antes existentes em nossa comunidade como a fabrica\u00e7\u00e3o de redes, e os grupos de costura;<\/span><\/p><p class=\"miolo-1---c\u00f3pia-2\"><span class=\"miolo-1\">Melhorar a divulga\u00e7\u00e3o do trabalho e dos projetos da\u00a0<\/span><span class=\"miolo-1 CharOverride-1\">Casa Verde<\/span><span class=\"miolo-1\">\u00a0assim como a atua\u00e7\u00e3o do\u00a0<\/span><span class=\"miolo-1 CharOverride-1\">Mangar\u00e1<\/span><span class=\"miolo-1\">\u00a0&#8211; Instituto para o Desenvolvimento Sustent\u00e1vel.<\/span><\/p><\/div><\/div>\n\t\t\t\t<\/div>\n\t\t\t\t<\/div>\n\t\t\t\t<div class=\"elementor-element elementor-element-42da426 elementor-widget elementor-widget-image-gallery\" data-id=\"42da426\" data-element_type=\"widget\" data-widget_type=\"image-gallery.default\">\n\t\t\t\t<div class=\"elementor-widget-container\">\n\t\t\t\t\t<div class=\"elementor-image-gallery\">\n\t\t\t<div id='gallery-1' class='gallery galleryid-19 gallery-columns-3 gallery-size-medium_large'><figure class='gallery-item'>\n\t\t\t<div class='gallery-icon landscape'>\n\t\t\t\t<a data-elementor-open-lightbox=\"yes\" data-elementor-lightbox-slideshow=\"42da426\" data-elementor-lightbox-title=\"IMAGEM cabe\u00e7alho 2\" href='https:\/\/institutomangara.org\/wp-content\/uploads\/2020\/12\/IMAGEM-cabecalho-2-1.jpeg'><img loading=\"lazy\" decoding=\"async\" width=\"768\" height=\"431\" src=\"https:\/\/institutomangara.org\/wp-content\/uploads\/2020\/12\/IMAGEM-cabecalho-2-1-768x431.jpeg\" class=\"attachment-medium_large size-medium_large\" alt=\"\" srcset=\"https:\/\/institutomangara.org\/wp-content\/uploads\/2020\/12\/IMAGEM-cabecalho-2-1-768x431.jpeg 768w, https:\/\/institutomangara.org\/wp-content\/uploads\/2020\/12\/IMAGEM-cabecalho-2-1-300x169.jpeg 300w, https:\/\/institutomangara.org\/wp-content\/uploads\/2020\/12\/IMAGEM-cabecalho-2-1-1024x575.jpeg 1024w, https:\/\/institutomangara.org\/wp-content\/uploads\/2020\/12\/IMAGEM-cabecalho-2-1.jpeg 1280w\" sizes=\"auto, (max-width: 768px) 100vw, 768px\" \/><\/a>\n\t\t\t<\/div><\/figure><figure class='gallery-item'>\n\t\t\t<div class='gallery-icon landscape'>\n\t\t\t\t<a data-elementor-open-lightbox=\"yes\" data-elementor-lightbox-slideshow=\"42da426\" data-elementor-lightbox-title=\"Imagem card\" href='https:\/\/institutomangara.org\/wp-content\/uploads\/2020\/12\/Imagem-card-1.png'><img loading=\"lazy\" decoding=\"async\" width=\"768\" height=\"432\" src=\"https:\/\/institutomangara.org\/wp-content\/uploads\/2020\/12\/Imagem-card-1-768x432.png\" class=\"attachment-medium_large size-medium_large\" alt=\"\" srcset=\"https:\/\/institutomangara.org\/wp-content\/uploads\/2020\/12\/Imagem-card-1-768x432.png 768w, https:\/\/institutomangara.org\/wp-content\/uploads\/2020\/12\/Imagem-card-1-300x169.png 300w, https:\/\/institutomangara.org\/wp-content\/uploads\/2020\/12\/Imagem-card-1-1024x576.png 1024w, https:\/\/institutomangara.org\/wp-content\/uploads\/2020\/12\/Imagem-card-1-1536x864.png 1536w, https:\/\/institutomangara.org\/wp-content\/uploads\/2020\/12\/Imagem-card-1.png 1920w\" sizes=\"auto, (max-width: 768px) 100vw, 768px\" \/><\/a>\n\t\t\t<\/div><\/figure><figure class='gallery-item'>\n\t\t\t<div class='gallery-icon landscape'>\n\t\t\t\t<a data-elementor-open-lightbox=\"yes\" data-elementor-lightbox-slideshow=\"42da426\" data-elementor-lightbox-title=\"IMAGEM cabe\u00e7alho 4\" href='https:\/\/institutomangara.org\/wp-content\/uploads\/2020\/12\/IMAGEM-cabecalho-4.jpeg'><img loading=\"lazy\" decoding=\"async\" width=\"768\" height=\"377\" src=\"https:\/\/institutomangara.org\/wp-content\/uploads\/2020\/12\/IMAGEM-cabecalho-4-768x377.jpeg\" class=\"attachment-medium_large size-medium_large\" alt=\"\" srcset=\"https:\/\/institutomangara.org\/wp-content\/uploads\/2020\/12\/IMAGEM-cabecalho-4-768x377.jpeg 768w, https:\/\/institutomangara.org\/wp-content\/uploads\/2020\/12\/IMAGEM-cabecalho-4-300x147.jpeg 300w, https:\/\/institutomangara.org\/wp-content\/uploads\/2020\/12\/IMAGEM-cabecalho-4-1024x502.jpeg 1024w, https:\/\/institutomangara.org\/wp-content\/uploads\/2020\/12\/IMAGEM-cabecalho-4.jpeg 1280w\" sizes=\"auto, (max-width: 768px) 100vw, 768px\" \/><\/a>\n\t\t\t<\/div><\/figure><figure class='gallery-item'>\n\t\t\t<div class='gallery-icon landscape'>\n\t\t\t\t<a data-elementor-open-lightbox=\"yes\" data-elementor-lightbox-slideshow=\"42da426\" data-elementor-lightbox-title=\"IMAGEM cabe\u00e7alho 3\" href='https:\/\/institutomangara.org\/wp-content\/uploads\/2020\/12\/IMAGEM-cabecalho-3.jpeg'><img loading=\"lazy\" decoding=\"async\" width=\"768\" height=\"373\" src=\"https:\/\/institutomangara.org\/wp-content\/uploads\/2020\/12\/IMAGEM-cabecalho-3-768x373.jpeg\" class=\"attachment-medium_large size-medium_large\" alt=\"\" srcset=\"https:\/\/institutomangara.org\/wp-content\/uploads\/2020\/12\/IMAGEM-cabecalho-3-768x373.jpeg 768w, https:\/\/institutomangara.org\/wp-content\/uploads\/2020\/12\/IMAGEM-cabecalho-3-300x146.jpeg 300w, https:\/\/institutomangara.org\/wp-content\/uploads\/2020\/12\/IMAGEM-cabecalho-3-1024x498.jpeg 1024w, https:\/\/institutomangara.org\/wp-content\/uploads\/2020\/12\/IMAGEM-cabecalho-3.jpeg 1280w\" sizes=\"auto, (max-width: 768px) 100vw, 768px\" \/><\/a>\n\t\t\t<\/div><\/figure><figure class='gallery-item'>\n\t\t\t<div class='gallery-icon landscape'>\n\t\t\t\t<a data-elementor-open-lightbox=\"yes\" data-elementor-lightbox-slideshow=\"42da426\" data-elementor-lightbox-title=\"fundo cabe\u00e7alho\" href='https:\/\/institutomangara.org\/wp-content\/uploads\/2020\/12\/fundo-cabecalho-1.jpeg'><img loading=\"lazy\" decoding=\"async\" width=\"768\" height=\"431\" src=\"https:\/\/institutomangara.org\/wp-content\/uploads\/2020\/12\/fundo-cabecalho-1-768x431.jpeg\" class=\"attachment-medium_large size-medium_large\" alt=\"\" srcset=\"https:\/\/institutomangara.org\/wp-content\/uploads\/2020\/12\/fundo-cabecalho-1-768x431.jpeg 768w, https:\/\/institutomangara.org\/wp-content\/uploads\/2020\/12\/fundo-cabecalho-1-300x169.jpeg 300w, https:\/\/institutomangara.org\/wp-content\/uploads\/2020\/12\/fundo-cabecalho-1-1024x575.jpeg 1024w, https:\/\/institutomangara.org\/wp-content\/uploads\/2020\/12\/fundo-cabecalho-1.jpeg 1280w\" sizes=\"auto, (max-width: 768px) 100vw, 768px\" \/><\/a>\n\t\t\t<\/div><\/figure>\n\t\t<\/div>\n\t\t<\/div>\n\t\t\t\t<\/div>\n\t\t\t\t<\/div>\n\t\t\t\t\t\t<\/div>\n\t\t\t\t\t<\/div>\n\t\t<\/div>\n\t\t\t\t\t\t\t\t<\/div>\n\t\t\t\t\t<\/div>\n\t\t<\/section>\n\t\t\t\t\t\t<\/div>\n\t\t\t\t\t\t<\/div>\n\t\t\t\t\t<\/div>\n\t\t","protected":false},"excerpt":{"rendered":"<p>Sobre n\u00f3s Bem-vindo ao Instituto Mangar\u00e1 iInstituto Mangar\u00e1 e insere v\u00e1rias a\u00e7\u00f5es executadas no Distrito do Serrote do Meio, no Munic\u00edpio de Itapaj\u00e9. Quem somos n\u00f3s O Mangar\u00e1 &#8211; Instituto para o Desenvolvimento Sustent\u00e1vel, \u00e9 uma organiza\u00e7\u00e3o sem fins lucrativos que visa promover o envolvimento das pessoas em seus territ\u00f3rios. \u00a0 Nossa Miss\u00e3o Pensar, elaborar, &hellip;<\/p>\n<p class=\"read-more\"> <a class=\"\" href=\"https:\/\/institutomangara.org\/?page_id=19\"> <span class=\"screen-reader-text\">About<\/span> Leia mais &raquo;<\/a><\/p>\n","protected":false},"author":0,"featured_media":0,"parent":0,"menu_order":0,"comment_status":"closed","ping_status":"closed","template":"","meta":{"footnotes":""},"class_list":["post-19","page","type-page","status-publish","hentry"],"_links":{"self":[{"href":"https:\/\/institutomangara.org\/index.php?rest_route=\/wp\/v2\/pages\/19","targetHints":{"allow":["GET"]}}],"collection":[{"href":"https:\/\/institutomangara.org\/index.php?rest_route=\/wp\/v2\/pages"}],"about":[{"href":"https:\/\/institutomangara.org\/index.php?rest_route=\/wp\/v2\/types\/page"}],"replies":[{"embeddable":true,"href":"https:\/\/institutomangara.org\/index.php?rest_route=%2Fwp%2Fv2%2Fcomments&post=19"}],"version-history":[{"count":27,"href":"https:\/\/institutomangara.org\/index.php?rest_route=\/wp\/v2\/pages\/19\/revisions"}],"predecessor-version":[{"id":1629,"href":"https:\/\/institutomangara.org\/index.php?rest_route=\/wp\/v2\/pages\/19\/revisions\/1629"}],"wp:attachment":[{"href":"https:\/\/institutomangara.org\/index.php?rest_route=%2Fwp%2Fv2%2Fmedia&parent=19"}],"curies":[{"name":"wp","href":"https:\/\/api.w.org\/{rel}","templated":true}]}}